{"id":898,"date":"2021-04-19T10:46:08","date_gmt":"2021-04-19T10:46:08","guid":{"rendered":"https:\/\/geopolis.brussels\/award\/home\/"},"modified":"2023-12-22T18:38:19","modified_gmt":"2023-12-22T17:38:19","slug":"home","status":"publish","type":"page","link":"https:\/\/geopolis.brussels\/award\/","title":{"rendered":"Home"},"content":{"rendered":"\n\n\t<p>WOMEN<\/p>\n\t<p>IN PHOTOGRAPHY<\/p>\n\t<p>PRIX<\/p>\n<p>Germaine Van Parys<\/p>\n\t<h1>\n\t\t\t\t\tPrix Women in Photography\n\t\t\t\t<\/h1>\n\t\t\tLa Ville de Bruxelles en partenariat avec le Centre G\u00e9opolis ont le plaisir d&#8217;annoncer le lancement du concours Women In Photography\/Prix Germaine Van Parys.<br \/>Le concours s&#8217;adresse aux femmes photographes \u0153uvrant dans les domaines de la photographie documentaire.\n\t\t\t<a href=\"#deroulement\" target=\"_self\" role=\"button\" rel=\"noopener\">\n\t\t\t\t\t\tD\u00e9couvrir le concours\n\t\t<\/a>\n\t\t\t\t<img decoding=\"async\" src=\"https:\/\/geopolis.brussels\/award\/wp-content\/uploads\/2023\/11\/logo_bxl.png\" alt=\"logo_bxl\" itemprop=\"image\"\/>\n\t\t\t\t<img decoding=\"async\" src=\"https:\/\/geopolis.brussels\/award\/wp-content\/uploads\/2023\/11\/logo_geopolis.png\" alt=\"logo_geopolis\" itemprop=\"image\"\/>\n\t\t\t\t<img decoding=\"async\" src=\"https:\/\/geopolis.brussels\/award\/wp-content\/uploads\/2023\/12\/affiche_awards.webp\" alt=\"affiche_awards\" itemprop=\"image\"\/>\n\t<h2>\n\t\t\t\t\tAvant-propos\n\t\t\t\t<\/h2>\n\t<p><b>Women In Photography &#8211; un prix pour c\u00e9l\u00e9brer l&#8217;excellence f\u00e9minine derri\u00e8re l&#8217;objectif<\/b><\/p>\n\t<p>Depuis son invention, la photographie raconte le monde, les \u00e9poques et la soci\u00e9t\u00e9. Longtemps l&#8217;apanage des hommes, l&#8217;\u0153il f\u00e9minin et ses contributions remarquables ont \u00e9t\u00e9 sous-estim\u00e9es, insuffisamment c\u00e9l\u00e9br\u00e9es. Sans repr\u00e9sentation f\u00e9minine, les imaginaires collectifs ont donc \u00e9volu\u00e9 loin de l&#8217;influence et de l&#8217;empreinte des femmes photographes.<\/p>\n<p>En 2023, la Ville de Bruxelles a d\u00e9cid\u00e9 de poursuivre son engagement pour visibiliser les femmes dans les diff\u00e9rentes disciplines artistiques dont la photographie en cr\u00e9ant le Prix Germaine Van Parys.<\/p>\n<p>Ce Prix \u00e9ponyme comm\u00e9more le talent de la premi\u00e8re photographe de presse belge, mais entend surtout poursuivre la voie qu&#8217;elle a trac\u00e9e en remettant les femmes au centre de cette discipline.<\/p>\n<p>Ce prix n&#8217;est donc pas uniquement symbolique, il est politique. Il permet d&#8217;avancer sur la voie de l&#8217;\u00e9galit\u00e9 culturelle et artistique. Il \u00e9mane d&#8217;un engagement fort : encourager les femmes \u00e0 s&#8217;exprimer librement, visibiliser la cr\u00e9ation photographique et artistique f\u00e9minine et pallier le manque de repr\u00e9sentation des regards f\u00e9minins port\u00e9s sur le monde.<\/p>\n<p>Et si d&#8217;aucun.e.s, comme Germaine Van Parys, voient la photographie comme des morceaux de pens\u00e9e, il est urgent d&#8217;entendre la pens\u00e9e des femmes.<\/p>\n<p><strong>Delphine Houba, \u00c9chevine de la Culture de la Ville de Bruxelles\u00a0<\/strong><\/p>\n\t<p>Depuis sa cr\u00e9ation en 2017, le Centre G\u00e9opolis travaille \u00e0 documenter des sujets marquants de l&#8217;actualit\u00e9 internationale \u00e0 travers la pr\u00e9sentation conjugu\u00e9e de travaux de photojournalistes. Les plus grands noms y c\u00f4toient de jeunes talents et de tr\u00e8s nombreu.se.x photographes, hommes et femmes de toutes nationalit\u00e9s ont eu ainsi l&#8217;occasion, au cours de ces six derni\u00e8res ann\u00e9es, de l&#8217;enrichir de leurs diff\u00e9rents engagements et sensibilit\u00e9s.\u00a0<\/p>\n<p>G\u00e9opolis remercie l&#8217;\u00c9chevine de la Culture de la Ville de Bruxelles, Delphine Houba et son \u00e9quipe, qui ont choisi d&#8217;associer le centre du photojournalisme au lancement et \u00e0 l&#8217;organisation d&#8217;un prix cr\u00e9\u00e9 pour soutenir les femmes photographes. Des femmes photographes qui, rappelons-le, repr\u00e9sentent encore moins d&#8217;un quart des membres au sein des grandes agences mondiales de photographie. Nul doute que ce nouveau prix, qui porte le nom de l&#8217;\u00e9minente pionni\u00e8re et photographe bruxelloise Germaine Van Parys, contribuera \u00e0 faire \u00e9merger de nouveaux talents et permettra d&#8217;\u0153uvrer \u00e0 plus d&#8217;\u00e9galit\u00e9. Dans la photographie comme ailleurs, une salutaire exigence.<\/p>\n<p><strong>Ulrich Huygevelde et Thomas Kox, coordinateurs de G\u00e9opolis<\/strong><\/p>\n\t<h2>\n\t\t\t\t\tTh\u00e9matique\n\t\t\t\t<\/h2>\n\t<p>Le th\u00e8me <strong>Regards sur Bruxelles<\/strong> a \u00e9t\u00e9 choisi pour lancer ce premier concours photo documentaire de la Ville de Bruxelles. Il r\u00e9pond \u00e0 une \u00e9vidence et \u00e0 une opportunit\u00e9, celle de donner la chance au plus grand nombre de Bruxelloises de participer. Le th\u00e8me est pris dans son acception la plus large pour laisser place \u00e0 l&#8217;imagination. Pour rappel, on consid\u00e8re ici la photographie documentaire comme l&#8217;\u0153uvre d&#8217;une autrice qui demande donc un point de vue et se veut intemporelle. Seuls les travaux r\u00e9alis\u00e9s ou commenc\u00e9s \u00e0 partir du 1 janvier 2021 seront pris en consid\u00e9ration.<\/p>\n\t<h2>\n\t\t\t\t\tD\u00e9roulement du concours\n\t\t\t\t<\/h2>\n\tDeux cat\u00e9gories : Grand prix et Prix \u00e9tudiante.\nLes laur\u00e9ates seront s\u00e9lectionn\u00e9es par un jury compos\u00e9 de professionnel.le.s du monde de la photographie.\nLes laur\u00e9ates seront expos\u00e9es au centre G\u00e9opolis \u00e0 Bruxelles.\n\t<h2>\n\t\t\t\t\t1\n\t\t\t\t<\/h2>\n\t<h3>D\u00e9p\u00f4t des candidatures<\/h3>\ndu 14 d\u00e9cembre 2023<br \/>\nau 29 f\u00e9vrier 2024\n\t<h2>\n\t\t\t\t\t2\n\t\t\t\t<\/h2>\n\t<h3>S\u00e9lection des laur\u00e9ates<\/h3>\n<p>Mars 2024<\/p>\n\t<h2>\n\t\t\t\t\t3\n\t\t\t\t<\/h2>\n\t<h3>Remise des prix<br \/>\net exposition<\/h3>\n<p>Printemps 2024<\/p>\n\t<h2>\n\t\t\t\t\tLe Prix\n\t\t\t\t<\/h2>\n\tWOMEN IN PHOTOGRAPHY<br \/>\nPRIX GERMAINE VAN PARYS\n\tLa Ville de Bruxelles en partenariat avec le Centre G\u00e9opolis ont le plaisir d&#8217;annoncer le lancement du concours Women In Photography\/Prix Germaine Van Parys.<br \/>\nLe concours s&#8217;adresse aux femmes photographes \u0153uvrant dans les domaines de la photographie documentaire.<br \/>\nCr\u00e9\u00e9 par la Ville de Bruxelles en partenariat avec le Centre de Photojournalisme G\u00e9opolis, le prix Germaine Van Parys a pour objectif d&#8217;am\u00e9liorer les droits et les libert\u00e9s des femmes en construisant des soci\u00e9t\u00e9s plus inclusives, diverses et solidaires.<br \/>\nA partir d&#8217;un th\u00e8me sans cesse renouvel\u00e9, ce prix de la Ville de Bruxelles r\u00e9compense des femmes photographes dont les travaux questionnent le pouvoir de l&#8217;image et le r\u00f4le du document aujourd&#8217;hui. En parlant de document, on parle de l&#8217;image qui interroge ce qui arrive ou renferme une information utile \u00e0 la compr\u00e9hension du monde, c&#8217;est dire aussi l&#8217;image comme produit d&#8217;une pens\u00e9e et relatant un r\u00e9cit.<br \/>\nLe manque de r\u00e9cits au f\u00e9minin perp\u00e9tue les in\u00e9galit\u00e9s entre les sexes et est particuli\u00e8rement aigu dans le secteur de la photographie. Ce prix r\u00e9compense de la sorte les regards engag\u00e9s que les femmes construisent et les liens qu&#8217;elles cr\u00e9ent avec leur sujet et avec le monde qui nous entoure.<br \/>\nL&#8217;objectif est d&#8217;encourager les femmes \u00e0 exprimer leurs visions \u00e0 travers la photographie mais aussi d&#8217;\u0153uvrer \u00e0 une reconnaissance accrue des femmes photographes au sein de la profession et plus largement, de visibiliser la cr\u00e9ation f\u00e9minine.\n\t\t\t<a href=\"#candidater\" target=\"_self\" role=\"button\" rel=\"noopener\">\n\t\t\t\t\t\tCandidater\n\t\t<\/a>\n\t<h2>\n\t\t\t\t\tGermaine Van Parys\n\t\t\t\t<\/h2>\n\t<p>Germaine Van Parys, n\u00e9e Eberg, na\u00eet \u00e0 Saint-Gilles le 18 avril 1893. Elle deviendra la premi\u00e8re femme photographe de presse en Belgique.<\/p>\n<p>Forte d&#8217;une personnalit\u00e9 curieuse et d\u00e9cid\u00e9e, la petite Germaine s&#8217;essaie \u00e0 tout. Elle joue du piano, peint des paysages, brode&#8230; Ses parents d\u00e9cident alors de l&#8217;envoyer \u00e0 l&#8217;\u00c9cole des Arts et m\u00e9tiers \u00e0 Bruxelles.\u00a0<\/p>\n<p>En \u00e2ge de se marier, Germaine \u00e9pouse le photographe de presse F\u00e9lix Van Parys et ne tarde pas \u00e0 s&#8217;essayer elle aussi \u00e0 la photographie. Son reportage sur la liesse qui accompagne le retour du Roi Albert Ier \u00e0 Bruxelles en 1918 lui ouvre les portes du journal Le Soir. Germaine Van Parys devient ainsi la premi\u00e8re femme en Belgique a obtenir le statut de photojournaliste.<\/p>\n<p>En 1929, elle cofonde l'&#8221;Association g\u00e9n\u00e9rale des reporters photographes de la presse belge&#8221;. Elle collabore \u00e9galement avec la revue parisienne &#8220;L&#8217;illustration&#8221;, voyage au Congo belge et se fait conna\u00eetre tant par ses photos d&#8217;actualit\u00e9 que par son habilet\u00e9 \u00e0 capturer la vie quotidienne.<\/p>\n<p>Pendant la Seconde Guerre mondiale, Germaine refuse cat\u00e9goriquement de travailler pour les Allemands et apporte son concours \u00e0 la r\u00e9sistance en collaborant \u00e0 la r\u00e9alisation de faux documents d&#8217;identit\u00e9. Elle devient en 1945 correspondante de guerre pour les forces alli\u00e9es.<\/p>\n\t<p>Photojournaliste, femme ind\u00e9pendante, Germaine est aussi une des rares femmes d&#8217;entreprise de son \u00e9poque. En 1956, elle cr\u00e9e l&#8217;agence de presse Van Parys et d\u00e9bute sa collaboration avec sa ni\u00e8ce, Odette Dereze. <\/p>\n<p>Dans les ann\u00e9es 1950-1960, Germaine et Odette continuent \u00e0 documenter l&#8217;actualit\u00e9 : l&#8217;exposition universelle de 1958, les d\u00e9buts de l&#8217;aviation civile, les manifestations sportives, l&#8217;actualit\u00e9 royale, mais aussi les faits divers dont elle comprend l&#8217;importance en tant que documents d&#8217;une \u00e9poque. Elle documente en outre les bouleversements de sa ville natale au cours des ann\u00e9es 60, laissant en h\u00e9ritage une ressource consid\u00e9rable sur le Bruxelles d&#8217;avant.<\/p>\n<p>Dans un autre registre, Germaine devient \u00e9galement la &#8220;reine du portrait&#8221; avec des clich\u00e9s de la famille royale mais aussi de Winston Churchill, de Jos\u00e9phine Baker ou encore d&#8217;Albert Einstein et de toute une s\u00e9rie de personnalit\u00e9s.<\/p>\n<p>Malgr\u00e9 un cancer en 1966, elle se bat et continue \u00e0 diriger son agence. Elle ne s&#8217;arr\u00eate d\u00e9finitivement qu&#8217;en 1980, apr\u00e8s un accident c\u00e9r\u00e9bral. Elle entreprend alors de cataloguer ses \u00e9normes archives. Pour l&#8217;histoire.<\/p>\n<p>Germaine van Parys s&#8217;\u00e9teint en 1983 laissant une s\u00e9rie d&#8217;archives pratiquement intactes.<\/p>\n\t<h2>\n\t\t\t\t\tDotations\n\t\t\t\t<\/h2>\n\t<h3>\n\t\t\t\t\tGrand Prix\n\t\t\t\t<\/h3>\n\t&#8211; Un Prix de 8.000 euros<br \/>\n&#8211; Une exposition du travail de la laur\u00e9ate\n\t<h3>\n\t\t\t\t\tPrix \u00e9tudiante\n\t\t\t\t<\/h3>\n\t\t\t<em>(Etudiantes, Jeunes dipl\u00f4m\u00e9es sorties de l&#8217;\u00e9cole depuis deux ans maximum)<\/em>\n\t&#8211; Un Prix de 2.000 euros<br \/>\n&#8211; Une exposition du travail de la laur\u00e9ate.\n\t<p>L&#8217;exposition des \u0153uvres des laur\u00e9ates mentionn\u00e9es aura lieu au <a href=\"https:\/\/geopolis.brussels\/\" target=\"_blank\" rel=\"noopener\">centre G\u00e9opolis<\/a> \u00e0 Bruxelles.<\/p>\n\t\t\t<a href=\"#boxzilla-1063\" target=\"_self\" role=\"button\" rel=\"noopener\">\n\t\t\t\t\t\tConsulter le r\u00e8glement\n\t\t<\/a>\n\t\t\t\t<img decoding=\"async\" src=\"https:\/\/geopolis.brussels\/award\/wp-content\/uploads\/2023\/12\/germaine-van-parys-09.webp\" alt=\"germaine-van-parys-09\" itemprop=\"image\"\/>\n\t<h2>\n\t\t\t\t\tCandidater\n\t\t\t\t<\/h2>\n\t<h3>\n\t\t\t\t\tPr\u00e9senter ma candidature au concours Women in Photography\n\t\t\t\t<\/h3>\n\t<p>Les candidatures sont closes.<\/p>\n\n","protected":false},"excerpt":{"rendered":"<p>WOMEN IN PHOTOGRAPHY PRIX Germaine Van Parys Prix Women in Photography La Ville de Bruxelles en partenariat avec le Centre G\u00e9opolis ont le plaisir d&#8217;annoncer le lancement du concours Women In Photography\/Prix Germaine Van Parys.Le concours s&#8217;adresse aux femmes photographes \u0153uvrant dans les domaines de la photographie documentaire. D\u00e9couvrir le concours Avant-propos Women In Photography &hellip;<\/p>\n<p class=\"read-more\"> <a class=\"\" href=\"https:\/\/geopolis.brussels\/award\/\"> <span class=\"screen-reader-text\">Home<\/span> Lire la suite\u00a0\u00bb<\/a><\/p>\n","protected":false},"author":1,"featured_media":0,"parent":0,"menu_order":0,"comment_status":"closed","ping_status":"closed","template":"","meta":{"site-sidebar-layout":"no-sidebar","site-content-layout":"page-builder","ast-site-content-layout":"","site-content-style":"default","site-sidebar-style":"default","ast-global-header-display":"","ast-banner-title-visibility":"","ast-main-header-display":"","ast-hfb-above-header-display":"","ast-hfb-below-header-display":"","ast-hfb-mobile-header-display":"","site-post-title":"disabled","ast-breadcrumbs-content":"disabled","ast-featured-img":"disabled","footer-sml-layout":"","theme-transparent-header-meta":"enabled","adv-header-id-meta":"","stick-header-meta":"","header-above-stick-meta":"","header-main-stick-meta":"","header-below-stick-meta":"","astra-migrate-meta-layouts":"default","ast-page-background-enabled":"default","ast-page-background-meta":{"desktop":{"background-color":"","background-image":"","background-repeat":"repeat","background-position":"center center","background-size":"auto","background-attachment":"scroll","background-type":"","background-media":"","overlay-type":"","overlay-color":"","overlay-gradient":""},"tablet":{"background-color":"","background-image":"","background-repeat":"repeat","background-position":"center center","background-size":"auto","background-attachment":"scroll","background-type":"","background-media":"","overlay-type":"","overlay-color":"","overlay-gradient":""},"mobile":{"background-color":"","background-image":"","background-repeat":"repeat","background-position":"center center","background-size":"auto","background-attachment":"scroll","background-type":"","background-media":"","overlay-type":"","overlay-color":"","overlay-gradient":""}},"ast-content-background-meta":{"desktop":{"background-color":"var(--ast-global-color-5)","background-image":"","background-repeat":"repeat","background-position":"center center","background-size":"auto","background-attachment":"scroll","background-type":"","background-media":"","overlay-type":"","overlay-color":"","overlay-gradient":""},"tablet":{"background-color":"var(--ast-global-color-5)","background-image":"","background-repeat":"repeat","background-position":"center center","background-size":"auto","background-attachment":"scroll","background-type":"","background-media":"","overlay-type":"","overlay-color":"","overlay-gradient":""},"mobile":{"background-color":"var(--ast-global-color-5)","background-image":"","background-repeat":"repeat","background-position":"center center","background-size":"auto","background-attachment":"scroll","background-type":"","background-media":"","overlay-type":"","overlay-color":"","overlay-gradient":""}},"footnotes":""},"class_list":["post-898","page","type-page","status-publish","hentry"],"_links":{"self":[{"href":"https:\/\/geopolis.brussels\/award\/wp-json\/wp\/v2\/pages\/898","targetHints":{"allow":["GET"]}}],"collection":[{"href":"https:\/\/geopolis.brussels\/award\/wp-json\/wp\/v2\/pages"}],"about":[{"href":"https:\/\/geopolis.brussels\/award\/wp-json\/wp\/v2\/types\/page"}],"author":[{"embeddable":true,"href":"https:\/\/geopolis.brussels\/award\/wp-json\/wp\/v2\/users\/1"}],"replies":[{"embeddable":true,"href":"https:\/\/geopolis.brussels\/award\/wp-json\/wp\/v2\/comments?post=898"}],"version-history":[{"count":36,"href":"https:\/\/geopolis.brussels\/award\/wp-json\/wp\/v2\/pages\/898\/revisions"}],"predecessor-version":[{"id":1122,"href":"https:\/\/geopolis.brussels\/award\/wp-json\/wp\/v2\/pages\/898\/revisions\/1122"}],"wp:attachment":[{"href":"https:\/\/geopolis.brussels\/award\/wp-json\/wp\/v2\/media?parent=898"}],"curies":[{"name":"wp","href":"https:\/\/api.w.org\/{rel}","templated":true}]}}